{"id":12,"date":"2022-09-13T16:33:51","date_gmt":"2022-09-13T14:33:51","guid":{"rendered":"http:\/\/turnverein-zell.de\/web\/?page_id=12"},"modified":"2025-12-08T19:36:09","modified_gmt":"2025-12-08T18:36:09","slug":"tischtennis","status":"publish","type":"page","link":"http:\/\/turnverein-zell.de\/web\/tischtennis\/","title":{"rendered":"Tischtennis"},"content":{"rendered":"\n<p>Die Tischtennismannschaft spielt aktuell in der Saison 2024\/2025 in der 1. Kreisklasse. Ausgerichtet wurden in der Vergangenheit u.a. die &#8222;Zeller Stadtmeisterschaften&#8220; sowie zahlreiche Freundschaftsspiele gegen Mannschaften der Zeller Partnerstadt Cr\u00e9py-en-Valois, wo in unregelm\u00e4\u00dfigem Rhythmus Wochenendbesuche stattfinden. F\u00fcr den Trainingsbetrieb stehen 6 Platten sowie eine Ball-Maschine zur Verf\u00fcgung.<\/p>\n\n\n\n<p class=\"has-background-color has-vivid-red-background-color has-text-color has-background\">Mittwoch 18.00 bis 22.00 Uhr <strong>Jugend und Erwachsene<\/strong><br>Freitag 18.00 bis 20.00 Uhr <strong>Jugend und Erwachsene<\/strong> <em>(nach Absprache)<\/em><br><em>Das Training findet in Zell-Corray (Gartenstra\u00dfe) statt.<\/em><\/p>\n\n\n\n<h4 class=\"wp-block-heading\">Unsere Trainer<\/h4>\n\n\n\n<p><strong>Abteilungsleiter<\/strong> &#8211; Christoph Reinisch &#8211; Tel. 06542-9620285<\/p>\n\n\n\n<p><strong>\u00dcbungsleiter<\/strong> &#8211; Bernd Nickels<\/p>\n\n\n\n<h4 class=\"wp-block-heading\">Gallerie<\/h4>\n\n\n\n<figure class=\"wp-block-gallery has-nested-images columns-default is-cropped wp-block-gallery-1 is-layout-flex wp-block-gallery-is-layout-flex\">\n<figure class=\"wp-block-image size-large\"><img loading=\"lazy\" decoding=\"async\" width=\"720\" height=\"600\" data-id=\"57\" src=\"http:\/\/turnverein-zell.de\/web\/wp-content\/uploads\/2022\/09\/ttm1.jpg\" alt=\"\" class=\"wp-image-57\" srcset=\"http:\/\/turnverein-zell.de\/web\/wp-content\/uploads\/2022\/09\/ttm1.jpg 720w, http:\/\/turnverein-zell.de\/web\/wp-content\/uploads\/2022\/09\/ttm1-300x250.jpg 300w\" sizes=\"auto, (max-width: 720px) 100vw, 720px\" \/><figcaption class=\"wp-element-caption\">Die Mannschaft 2018\/2019 von links nach rechts<br>Oliver Schmuck, Max Franzen, Manfred Winkler, Michael Hahn, Christoph Reinisch, Thomas Wagner, Klaus Frensch, Alexander Kuhn und Bernd Nickels. Nicht auf dem Bild Dieter Andres, Lukas M\u00fcller und Fabian Hahn<\/figcaption><\/figure>\n\n\n\n<figure class=\"wp-block-image size-large\"><img loading=\"lazy\" decoding=\"async\" width=\"720\" height=\"540\" data-id=\"58\" src=\"http:\/\/turnverein-zell.de\/web\/wp-content\/uploads\/2022\/09\/ttm2.jpg\" alt=\"\" class=\"wp-image-58\" srcset=\"http:\/\/turnverein-zell.de\/web\/wp-content\/uploads\/2022\/09\/ttm2.jpg 720w, http:\/\/turnverein-zell.de\/web\/wp-content\/uploads\/2022\/09\/ttm2-300x225.jpg 300w\" sizes=\"auto, (max-width: 720px) 100vw, 720px\" \/><figcaption class=\"wp-element-caption\">Von links nach rechts: Dieter Andres, Bernd Nickels, Michael Hahn, Manfred Winkler, Christoph Reinisch, Oliver Schmuck, Lukas M\u00fcller, Max Franzen.<\/figcaption><\/figure>\n<\/figure>\n\n\n\n<h4 class=\"wp-block-heading\">Ergebnisse<\/h4>\n\n\n\n<p>aktuelle Ergebnisse auf <a href=\"https:\/\/www.mytischtennis.de\/click-tt\/RTTVR\/25--26\/ligen\/1-Kreisklasse-Gr-A\/gruppe\/500328\/mannschaft\/2962209\/TV_Zell\/spielerbilanzen\/gesamt\">mytischtennis.de<\/a><\/p>\n\n\n\n<p><\/p>\n","protected":false},"excerpt":{"rendered":"<p>Die Tischtennismannschaft spielt aktuell in der Saison 2024\/2025 in der 1. Kreisklasse. Ausgerichtet wurden in der Vergangenheit u.a. die &#8222;Zeller Stadtmeisterschaften&#8220; sowie zahlreiche Freundschaftsspiele gegen Mannschaften der Zeller Partnerstadt Cr\u00e9py-en-Valois, wo in unregelm\u00e4\u00dfigem Rhythmus Wochenendbesuche stattfinden. F\u00fcr den Trainingsbetrieb stehen 6 Platten sowie eine Ball-Maschine zur Verf\u00fcgung. Mittwoch 18.00 bis 22.00 Uhr Jugend und ErwachseneFreitag &hellip; <\/p>\n<p class=\"link-more\"><a href=\"http:\/\/turnverein-zell.de\/web\/tischtennis\/\" class=\"more-link\"><span class=\"screen-reader-text\">\u201eTischtennis\u201c <\/span>weiterlesen<\/a><\/p>\n","protected":false},"author":1,"featured_media":0,"parent":0,"menu_order":0,"comment_status":"closed","ping_status":"closed","template":"","meta":{"footnotes":""},"class_list":["post-12","page","type-page","status-publish","hentry"],"_links":{"self":[{"href":"http:\/\/turnverein-zell.de\/web\/wp-json\/wp\/v2\/pages\/12","targetHints":{"allow":["GET"]}}],"collection":[{"href":"http:\/\/turnverein-zell.de\/web\/wp-json\/wp\/v2\/pages"}],"about":[{"href":"http:\/\/turnverein-zell.de\/web\/wp-json\/wp\/v2\/types\/page"}],"author":[{"embeddable":true,"href":"http:\/\/turnverein-zell.de\/web\/wp-json\/wp\/v2\/users\/1"}],"replies":[{"embeddable":true,"href":"http:\/\/turnverein-zell.de\/web\/wp-json\/wp\/v2\/comments?post=12"}],"version-history":[{"count":13,"href":"http:\/\/turnverein-zell.de\/web\/wp-json\/wp\/v2\/pages\/12\/revisions"}],"predecessor-version":[{"id":462,"href":"http:\/\/turnverein-zell.de\/web\/wp-json\/wp\/v2\/pages\/12\/revisions\/462"}],"wp:attachment":[{"href":"http:\/\/turnverein-zell.de\/web\/wp-json\/wp\/v2\/media?parent=12"}],"curies":[{"name":"wp","href":"https:\/\/api.w.org\/{rel}","templated":true}]}}